{"id":96,"date":"2015-12-29T20:53:03","date_gmt":"2015-12-29T20:53:03","guid":{"rendered":"http:\/\/helena.sousafreitas.com\/wip\/?page_id=96"},"modified":"2016-01-05T04:09:53","modified_gmt":"2016-01-05T04:09:53","slug":"dnj2011","status":"publish","type":"page","link":"http:\/\/helena.sousafreitas.com\/wip\/palavra\/literatura\/ensaios\/dnj2011\/","title":{"rendered":"O DN Jovem entre o Papel e a Net (2011)"},"content":{"rendered":"<ul>\n<li><a href=\"#sinopse\">Sinopse<\/a><\/li>\n<li><a href=\"#opinioes\">Opini\u00f5es<\/a><\/li>\n<\/ul>\n<h5 id=\"sinopse\">Sinopse<\/h5>\n<p>Todas as semanas, durante mais de uma dezena de anos, jovens criadores portugueses aguardavam as ter\u00e7as-feiras com ansiedade, contando as horas para verificar se os trabalhos enviados para o <em>DN Jovem<\/em> haviam sido seleccionados.<\/p>\n<p>Mas em Maio de 1996 o suplemento juvenil migrou para a Internet \u2013 meio ent\u00e3o inacess\u00edvel \u00e0 maioria dos portugueses. Levantaram-se vozes de protesto, circulou um manifesto e aqueceram os \u00e2nimos no interior do <em>Di\u00e1rio de Not\u00edcias<\/em>, mas nada travou a medida que marcou o acentuar de um desinvestimento no <em>DN Jovem<\/em> que culminaria na sua extin\u00e7\u00e3o, em Mar\u00e7o de 2007.<\/p>\n<p>Para contar esta hist\u00f3ria, Helena entrevistou elementos da Direc\u00e7\u00e3o do <em>Di\u00e1rio de Not\u00edcias<\/em>\u00a0\u00e0 data da cria\u00e7\u00e3o, da transi\u00e7\u00e3o e da extin\u00e7\u00e3o do <em>DN Jovem<\/em>, bem como os coordenadores do suplemento nas suas v\u00e1rias etapas e mais de uma dezena de colaboradores da fase impressa e da fase predominantemente digital. Da an\u00e1lise de diversas edi\u00e7\u00f5es do <em>DNJ<\/em> (em papel e online), resulta ainda a refer\u00eancia a in\u00fameros outros participantes que ali publicaram textos e imagens.<\/p>\n<p>O livro reproduz cr\u00f3nicas sobre o <em>DNJ<\/em> publicadas por tr\u00eas colaboradores do caderno \u2013 Jos\u00e9 Eduardo Agualusa, Lu\u00eds Filipe Silva e Jos\u00e9 Lu\u00eds Peixoto \u2013 e inclui um poema que, \u00e0 data da transi\u00e7\u00e3o, Margarida Vale de Gato dedicou a Manuel Dias, o coordenador do suplemento. Com mais de uma dezena de imagens a preto e branco ao longo do miolo, o livro apresenta ainda oito p\u00e1ginas de extratextos a cor alusivos a momentos relevantes na hist\u00f3ria do <em>DN Jovem<\/em>.<\/p>\n<p>O pref\u00e1cio \u00e9 da autoria de Jos\u00e9 Mariano Gago, o ex-ministro da Ci\u00eancia, Tecnologia e Ensino Superior que, em 1996, lan\u00e7ou a ideia deste estudo.<\/p>\n<hr \/>\n<h5 id=\"opinioes\">Opini\u00f5es<\/h5>\n<blockquote><p>&#8220;Um livro de investiga\u00e7\u00e3o \u00fatil e actual&#8221;<\/p><\/blockquote>\n<p style=\"text-align: right;\"><strong>Jos\u00e9 Mariano Gago<\/strong>,<br \/>\nno pref\u00e1cio ao livro<\/p>\n<blockquote><p>&#8220;Helena de Sousa Freitas ultrapassa a erudi\u00e7\u00e3o incolor de que pode revestir-se uma tese acad\u00e9mica e d\u00e1-nos uma imagem viva do mundo criado pelo suplemento do Di\u00e1rio de Not\u00edcias dirigido por Manuel Dias, onde nasceram e cresceram muitos jovens escritores, alguns dos quais se tornaram os maiores da sua gera\u00e7\u00e3o.&#8221;<\/p><\/blockquote>\n<p style=\"text-align: right;\"><strong>Helena Marques<\/strong>,<br \/>\nna contracapa do livro<\/p>\n<blockquote><p>&#8220;Um livro com uma dimens\u00e3o te\u00f3rica impressionante, exaustiva. Um trabalho destes n\u00e3o se faz em 15 dias. (&#8230;) Ao abordar a rela\u00e7\u00e3o dos jornais com a Net e a decad\u00eancia dos jornais, o livro interessar\u00e1 a mais pessoas do que as que se interessam pelo DN Jovem ou por suplementos de publica\u00e7\u00e3o liter\u00e1ria.&#8221;<\/p><\/blockquote>\n<p style=\"text-align: right;\"><strong>Pedro Mexia<\/strong>,<br \/>\nna sess\u00e3o de lan\u00e7amento em Lisboa<\/p>\n<blockquote><p>&#8220;Um ensaio, ao jeito das teses publicadas nos pa\u00edses anglo-sax\u00f3nicos, em que se apresenta uma teoria, se demonstra a tese e se confirma a sua relev\u00e2ncia.&#8221;<\/p><\/blockquote>\n<p style=\"text-align: right;\"><strong>Ruben P. Ferreira<\/strong>,<br \/>\n<em>in<\/em> <a href=\"http:\/\/viagensnomeusofa.blogspot.com\/2011\/09\/as-tercas-feiras-num-quiosque-perto-de.html\"><em>Viagens no meu sof\u00e1<\/em><\/a> (28 de Setembro de 2011)<\/p>\n<blockquote><p>&#8220;Um contributo para a hist\u00f3ria do jornalismo portugu\u00eas, onde afectos e recorda\u00e7\u00f5es s\u00e3o o elo de liga\u00e7\u00e3o. (&#8230;)<br \/>\nUma leitura acess\u00edvel e apelativa para um p\u00fablico n\u00e3o acad\u00e9mico.&#8221;<\/p><\/blockquote>\n<p style=\"text-align: right;\"><strong>Jo\u00e3o Morales<\/strong>,<br \/>\nin\u00a0<em>Os Meus Livros<\/em> (Novembro de 2011)<\/p>\n","protected":false},"excerpt":{"rendered":"<p>Sinopse Opini\u00f5es Sinopse Todas as semanas, durante mais de uma dezena de anos, jovens criadores portugueses aguardavam as ter\u00e7as-feiras com ansiedade, contando as horas para verificar se os trabalhos enviados para o DN Jovem haviam sido seleccionados. Mas em Maio de 1996 o suplemento juvenil migrou para a Internet \u2013 meio ent\u00e3o inacess\u00edvel \u00e0 maioria &hellip; <a href=\"http:\/\/helena.sousafreitas.com\/wip\/palavra\/literatura\/ensaios\/dnj2011\/\" class=\"more-link\">Continuar a ler <span class=\"screen-reader-text\">O DN Jovem entre o Papel e a Net (2011)<\/span><\/a><\/p>\n","protected":false},"author":1,"featured_media":97,"parent":225,"menu_order":0,"comment_status":"closed","ping_status":"closed","template":"","meta":{"footnotes":""},"class_list":["post-96","page","type-page","status-publish","has-post-thumbnail","hentry"],"aioseo_notices":[],"_links":{"self":[{"href":"http:\/\/helena.sousafreitas.com\/wip\/wp-json\/wp\/v2\/pages\/96","targetHints":{"allow":["GET"]}}],"collection":[{"href":"http:\/\/helena.sousafreitas.com\/wip\/wp-json\/wp\/v2\/pages"}],"about":[{"href":"http:\/\/helena.sousafreitas.com\/wip\/wp-json\/wp\/v2\/types\/page"}],"author":[{"embeddable":true,"href":"http:\/\/helena.sousafreitas.com\/wip\/wp-json\/wp\/v2\/users\/1"}],"replies":[{"embeddable":true,"href":"http:\/\/helena.sousafreitas.com\/wip\/wp-json\/wp\/v2\/comments?post=96"}],"version-history":[{"count":9,"href":"http:\/\/helena.sousafreitas.com\/wip\/wp-json\/wp\/v2\/pages\/96\/revisions"}],"predecessor-version":[{"id":481,"href":"http:\/\/helena.sousafreitas.com\/wip\/wp-json\/wp\/v2\/pages\/96\/revisions\/481"}],"up":[{"embeddable":true,"href":"http:\/\/helena.sousafreitas.com\/wip\/wp-json\/wp\/v2\/pages\/225"}],"wp:featuredmedia":[{"embeddable":true,"href":"http:\/\/helena.sousafreitas.com\/wip\/wp-json\/wp\/v2\/media\/97"}],"wp:attachment":[{"href":"http:\/\/helena.sousafreitas.com\/wip\/wp-json\/wp\/v2\/media?parent=96"}],"curies":[{"name":"wp","href":"https:\/\/api.w.org\/{rel}","templated":true}]}}